{"version":"1.0","provider_name":"Mys\u0142owice","provider_url":"https:\/\/mathriders.pl\/myslowice","author_name":"sylwia","author_url":"https:\/\/mathriders.pl\/myslowice\/aktualnosci\/author\/sylwia\/","title":"Zako\u0144czenie roku szkolnego 2022\/23 - Mys\u0142owice","type":"rich","width":600,"height":338,"html":"<blockquote class=\"wp-embedded-content\" data-secret=\"YaHorwigZd\"><a href=\"https:\/\/mathriders.pl\/myslowice\/aktualnosci\/zakonczenie-roku-szkolnego-2022-23\/\">Zako\u0144czenie roku szkolnego 2022\/23<\/a><\/blockquote><iframe sandbox=\"allow-scripts\" security=\"restricted\" src=\"https:\/\/mathriders.pl\/myslowice\/aktualnosci\/zakonczenie-roku-szkolnego-2022-23\/embed\/#?secret=YaHorwigZd\" width=\"600\" height=\"338\" title=\"&#8222;Zako\u0144czenie roku szkolnego 2022\/23&#8221; &#8212; Mys\u0142owice\" data-secret=\"YaHorwigZd\" frameborder=\"0\" marginwidth=\"0\" marginheight=\"0\" scrolling=\"no\" class=\"wp-embedded-content\"><\/iframe><script>\n\/*! This file is auto-generated *\/\n!function(d,l){\"use strict\";l.querySelector&&d.addEventListener&&\"undefined\"!=typeof URL&&(d.wp=d.wp||{},d.wp.receiveEmbedMessage||(d.wp.receiveEmbedMessage=function(e){var t=e.data;if((t||t.secret||t.message||t.value)&&!\/[^a-zA-Z0-9]\/.test(t.secret)){for(var s,r,n,a=l.querySelectorAll('iframe[data-secret=\"'+t.secret+'\"]'),o=l.querySelectorAll('blockquote[data-secret=\"'+t.secret+'\"]'),c=new RegExp(\"^https?:$\",\"i\"),i=0;i<o.length;i++)o[i].style.display=\"none\";for(i=0;i<a.length;i++)s=a[i],e.source===s.contentWindow&&(s.removeAttribute(\"style\"),\"height\"===t.message?(1e3<(r=parseInt(t.value,10))?r=1e3:~~r<200&&(r=200),s.height=r):\"link\"===t.message&&(r=new URL(s.getAttribute(\"src\")),n=new URL(t.value),c.test(n.protocol))&&n.host===r.host&&l.activeElement===s&&(d.top.location.href=t.value))}},d.addEventListener(\"message\",d.wp.receiveEmbedMessage,!1),l.addEventListener(\"DOMContentLoaded\",function(){for(var e,t,s=l.querySelectorAll(\"iframe.wp-embedded-content\"),r=0;r<s.length;r++)(t=(e=s[r]).getAttribute(\"data-secret\"))||(t=Math.random().toString(36).substring(2,12),e.src+=\"#?secret=\"+t,e.setAttribute(\"data-secret\",t)),e.contentWindow.postMessage({message:\"ready\",secret:t},\"*\")},!1)))}(window,document);\n\/\/# sourceURL=https:\/\/mathriders.pl\/myslowice\/wp-includes\/js\/wp-embed.min.js\n<\/script>\n","thumbnail_url":"https:\/\/mathriders.pl\/myslowice\/wp-content\/uploads\/sites\/43\/2023\/12\/zakonczenie-mysl.webp","thumbnail_width":1530,"thumbnail_height":652,"description":"Rok szkolny 2022\/23 dobieg\u0142 ko\u0144ca! Dzi\u0119kujemy, \u017ce uczyli\u015bcie si\u0119 matematyki razem z Puchaczem Piotrem w naszej szkole. A dlaczego jest tu zdj\u0119cie skarpetek? A to dlatego, \u017ce ka\u017cdy z naszych uczni\u00f3w otrzyma\u0142 taki upominek wraz z certyfikatem uko\u0144czenia kursu. Teraz wszystkich nas czeka zas\u0142u\u017cony odpoczynek. Widzimy si\u0119 we wrze\u015bniu, aby kontynuowa\u0107 nauk\u0119 algebry, my\u015blenia przestrzennego,..."}